{"id":287,"date":"2018-10-18T19:05:56","date_gmt":"2018-10-18T17:05:56","guid":{"rendered":"http:\/\/2018.substanz-os.de\/?page_id=287"},"modified":"2020-01-07T03:23:28","modified_gmt":"2020-01-07T02:23:28","slug":"kooperation-vernetzung-und-nuetzliches","status":"publish","type":"page","link":"https:\/\/www.substanz-os.de\/?page_id=287","title":{"rendered":"Kooperation, Vernetzung und N\u00fctzliches"},"content":{"rendered":"\n<p>Das SubstAnZ ist nat\u00fcrlich nicht alleine und unabh\u00e4ngig von dem Rest der Welt. Wir vernetzen uns, gehen Kooperationen ein und versuchen, unsere F\u00fchler in verschiedene Richtungen auszustrecken und die Augen offen zu halten. Auf dieser Seite findet ihr Hinweise auf bestehende Kooperationen, Vernetzungen und n\u00fctzliche Links zu anderen Themen.<\/p>\n\n\n\n<p style=\"font-size:26px\"><strong>Kooperationen<\/strong><\/p>\n\n\n\n<p><strong>KUKUK &#8211; Kultur f\u00fcr Alle im Raum Osnabr\u00fcck<\/strong><br>KUKUK bietet Menschen aus Stadt und Landkreis Osnabr\u00fcck mit geringem Einkommen die M\u00f6glichkeit, verg\u00fcnstigt oder kostenlos an Kulturveranstaltungen teilzunehmen. Das SubstAnZ ist hierbei eingetragener Kulturpartner und bietet bei all seinen Veranstaltungen kostenlosen Eintritt f\u00fcr Menschen, die nicht so viel Kohle haben. <br>Weiterf\u00fchrende Infos gibt&#8217;s auf <a href=\"https:\/\/kukuk.de\/\" target=\"_blank\" rel=\"noreferrer noopener\" aria-label=\"https:\/\/kukuk.de\/ (\u00f6ffnet in neuem Tab)\">https:\/\/kukuk.de\/<\/a><\/p>\n\n\n\n<figure class=\"wp-block-image size-large\"><a href=\"https:\/\/kukuk.de\/\"><img decoding=\"async\" loading=\"lazy\" width=\"1024\" height=\"363\" src=\"http:\/\/2018.substanz-os.de\/wp-content\/uploads\/2020\/01\/kaos_logo_1_nebeneinander-e1456235793552-1-1024x363.png\" alt=\"\" class=\"wp-image-778\" srcset=\"https:\/\/www.substanz-os.de\/wp-content\/uploads\/2020\/01\/kaos_logo_1_nebeneinander-e1456235793552-1-1024x363.png 1024w, https:\/\/www.substanz-os.de\/wp-content\/uploads\/2020\/01\/kaos_logo_1_nebeneinander-e1456235793552-1-300x106.png 300w, https:\/\/www.substanz-os.de\/wp-content\/uploads\/2020\/01\/kaos_logo_1_nebeneinander-e1456235793552-1-768x272.png 768w, https:\/\/www.substanz-os.de\/wp-content\/uploads\/2020\/01\/kaos_logo_1_nebeneinander-e1456235793552-1.png 1902w\" sizes=\"(max-width: 767px) 89vw, (max-width: 1000px) 54vw, (max-width: 1071px) 543px, 580px\" \/><\/a><\/figure>\n\n\n\n<p style=\"font-size:26px\"><strong>Vernetzung<\/strong><\/p>\n\n\n\n<p>Das SubstAnZ ist in alle Himmelsrichtungen vernetzt. Eine Vernetzung besteht allerdings besonders lange und intensiv: Der Zusammenschluss Autonomer Zentren &#8211; kurz <strong>ZAZ<\/strong>. Dem ZAZ geh\u00f6ren vor allem selbstverwaltete Zentren aus der Region Ostwestfalen-Lippe und S\u00fcd-Ost-Niedersachsen an, zum Beispiel das UJZ Kornstra\u00dfe (Hannover), das Soziale Zentrum FlaFla (Herford), der Freiraum Hameln, das Alhambra (Oldenburg) und einige weitere. Die Vernetzung dient dem Austausch \u00fcber allt\u00e4gliche und besondere Probleme, den Umgang mit \u00e4hnlichen Problemen und Schwierigkeiten, die in einem selbstverwalteten Haus nunmal so auftreten. <br>Weitere Infos gibt&#8217;s unter <a href=\"https:\/\/zazonline.noblogs.org\/\">https:\/\/zazonline.noblogs.org\/<\/a>.<br><\/p>\n\n\n\n<p style=\"font-size:26px\"><strong>Links<\/strong><\/p>\n\n\n\n<p>In dieser Rubrik finden sich weitere Links zu interessanten und n\u00fctzlichen Gruppen, Themen und Projekten. <\/p>\n\n\n\n<ul><li><a href=\"http:\/\/rotehilfeosnabrueck.blogsport.de\/\">Die Rote Hilfe Osnabr\u00fcck<\/a><\/li><\/ul>\n\n\n\n<ul><li><a href=\"https:\/\/wabos.org\/\">Die Wagenburg Osnabr\u00fcck &#8211; WabOS<\/a><\/li><\/ul>\n","protected":false},"excerpt":{"rendered":"<p>Das SubstAnZ ist nat\u00fcrlich nicht alleine und unabh\u00e4ngig von dem Rest der Welt. Wir vernetzen uns, gehen Kooperationen ein und versuchen, unsere F\u00fchler in verschiedene Richtungen auszustrecken und die Augen offen zu halten. Auf dieser Seite findet ihr Hinweise auf bestehende Kooperationen, Vernetzungen und n\u00fctzliche Links zu anderen Themen. Kooperationen KUKUK &#8211; Kultur f\u00fcr Alle &hellip; <\/p>\n<p class=\"link-more\"><a href=\"https:\/\/www.substanz-os.de\/?page_id=287\" class=\"more-link\"><span class=\"screen-reader-text\">\u201eKooperation, Vernetzung und N\u00fctzliches\u201c<\/span> weiterlesen<\/a><\/p>\n","protected":false},"author":1,"featured_media":0,"parent":0,"menu_order":0,"comment_status":"closed","ping_status":"closed","template":"","meta":[],"post_mailing_queue_ids":[],"_links":{"self":[{"href":"https:\/\/www.substanz-os.de\/index.php?rest_route=\/wp\/v2\/pages\/287"}],"collection":[{"href":"https:\/\/www.substanz-os.de\/index.php?rest_route=\/wp\/v2\/pages"}],"about":[{"href":"https:\/\/www.substanz-os.de\/index.php?rest_route=\/wp\/v2\/types\/page"}],"author":[{"embeddable":true,"href":"https:\/\/www.substanz-os.de\/index.php?rest_route=\/wp\/v2\/users\/1"}],"replies":[{"embeddable":true,"href":"https:\/\/www.substanz-os.de\/index.php?rest_route=%2Fwp%2Fv2%2Fcomments&post=287"}],"version-history":[{"count":6,"href":"https:\/\/www.substanz-os.de\/index.php?rest_route=\/wp\/v2\/pages\/287\/revisions"}],"predecessor-version":[{"id":780,"href":"https:\/\/www.substanz-os.de\/index.php?rest_route=\/wp\/v2\/pages\/287\/revisions\/780"}],"wp:attachment":[{"href":"https:\/\/www.substanz-os.de\/index.php?rest_route=%2Fwp%2Fv2%2Fmedia&parent=287"}],"curies":[{"name":"wp","href":"https:\/\/api.w.org\/{rel}","templated":true}]}}